{"id":5797,"date":"2012-11-22T14:04:39","date_gmt":"2012-11-22T12:04:39","guid":{"rendered":"http:\/\/v2.irinelnicoara.ro\/aviatie\/scoala-de-aviatie\/documentele-scolii\/dare-de-seama\/dare-de-seama-1931-2\/"},"modified":"2023-09-30T09:29:50","modified_gmt":"2023-09-30T07:29:50","slug":"dare-de-seama-1931-2","status":"publish","type":"page","link":"https:\/\/aviatie-mircea-cantacuzino.ro\/en\/scoala-de-aviatie-2\/documentele-scolii\/dare-de-seama-2\/dare-de-seama-1931-2\/","title":{"rendered":"Report 1931"},"content":{"rendered":"<p>&nbsp;<\/p>\n<p><a title=\"_MG_6049\" href=\"https:\/\/aviatie-mircea-cantacuzino.ro\/wp-content\/uploads\/2015\/02\/MG_6049.jpg\" rel=\"prettyPhoto-img\"><img fetchpriority=\"high\" decoding=\"async\" class=\"alignleft size-medium wp-image-724\" title=\"_MG_6049\" src=\"https:\/\/aviatie-mircea-cantacuzino.ro\/wp-content\/uploads\/2015\/02\/MG_6049.jpg\" alt=\"\" width=\"200\" height=\"300\"><\/a><\/p>\n<p align=\"CENTER\">Asociatia Pentru Prop\u0103\u015firea Turismului Aerian<\/p>\n<p align=\"CENTER\">&#8222;MIRCEA CANTACUZINO&#8221;<\/p>\n<p align=\"CENTER\"><strong>Notice<\/strong><\/p>\n<p align=\"CENTER\"><strong>1932<\/strong><\/p>\n<p>&nbsp;<\/p>\n<p>&nbsp;<\/p>\n<p>&nbsp;<\/p>\n<p><a title=\"_MG_6050\" href=\"https:\/\/aviatie-mircea-cantacuzino.ro\/wp-content\/uploads\/2015\/02\/MG_6050.jpg\" rel=\"prettyPhoto-img\"><img decoding=\"async\" class=\"alignleft size-medium wp-image-724\" title=\"_MG_6050\" src=\"https:\/\/aviatie-mircea-cantacuzino.ro\/wp-content\/uploads\/2015\/02\/MG_6050.jpg\" alt=\"\" width=\"200\" height=\"300\"><\/a><\/p>\n<p align=\"CENTER\"><em>Domnule Pre\u0219edinte,<\/em><\/p>\n<p align=\"CENTER\"><em>Doamnelor \u0219i Domnilor,<\/em><\/p>\n<p align=\"LEFT\">\u00cenainte de a v\u0103 da seama de activitatea Asocia\u021biei noastre pe anul 1931, s\u0103 exprim\u0103m&nbsp;Majest\u0103\u021bii&nbsp;Sale Regelui&nbsp;toat\u0103&nbsp;credin\u021ba&nbsp;nestr\u0103mutat\u0103&nbsp;ce-I purt\u0103m din tot sufletul s\u0103-I ur\u0103m mul\u021bi ani de Domnie glorioas\u0103.<\/p>\n<p align=\"LEFT\">Alte\u021bei Sale Regale Principelui Nicolae,&nbsp;Pre\u0219edintele&nbsp;nostru de Onoare, \u00eei aducem prinosul&nbsp;recuno\u0219tin\u021bei&nbsp;noastre pentru sprijinul ce ni-L-a acordat.<\/p>\n<p align=\"CENTER\"><em>Doamnelor&nbsp;\u0219i&nbsp;Domnilor,<\/em><\/p>\n<p align=\"LEFT\">Cred c\u0103 sunt \u00een asentimentul Dv. dac\u0103 dint\u00e2i \u00eemi voi \u00eendrepta g\u00e2ndul c\u0103tre acei care ast\u0103zi nu mai sunt printre noi. \u00cen cursul anului 1931 am avut durerea s\u0103 pierdem pe membrul nostru fondator locotenent aviator Radu Beller, pilot pasionat, mort la postul de onoare, departe de patrie tocmai atunci, c\u00e2nd cu at\u00e2t entuziasm \u0219i bucurie se re\u00eentorsese la meseria-i drag\u0103.<\/p>\n<p>&nbsp;<a title=\"_MG_6051\" href=\"https:\/\/aviatie-mircea-cantacuzino.ro\/wp-content\/uploads\/2015\/02\/MG_6051.jpg\" rel=\"prettyPhoto-img\"><img decoding=\"async\" class=\"alignleft\" title=\"_MG_6051\" src=\"https:\/\/aviatie-mircea-cantacuzino.ro\/wp-content\/uploads\/2015\/02\/MG_6051.jpg\" alt=\"\" width=\"200\" height=\"300\"><\/a>\u00cen toamna acestui an a c\u0103zut&nbsp;f\u0103c\u00e2ndu-\u0219i datoria \u0219i primul nostru instructor de sbor locotenentul Octav Oculeanu care&nbsp;\u00eempreun\u0103&nbsp;cu regretatul Mircea Cantacuzino a pus bazele&nbsp;\u0219colii&nbsp;noastre de pilotaj. Noi&nbsp;to\u021bi&nbsp; elevii lui, \u00eei&nbsp;p\u0103str\u0103m&nbsp;o ne\u0219tears\u0103 amintire, nu numai pentru neasemuitul&nbsp;me\u0219te\u0219ug&nbsp;pe care ni l-a \u00eenv\u0103\u021bat, dar mai ales pentru&nbsp;ne\u021b\u0103rmuita&nbsp;lui dragoste de sbor ce a \u0219tiut s\u0103 ne-o comunice \u0219i nou\u0103,&nbsp;f\u0103c\u00e2nd&nbsp;ca&nbsp;ast\u0103zi&nbsp;noi&nbsp;to\u021bi&nbsp; s\u0103 nu fim cu adev\u0103rat&nbsp;ferici\u021bi&nbsp;dec\u00e2t&nbsp;sus&nbsp;\u00een&nbsp;albastrul cerului.<\/p>\n<p align=\"CENTER\"><em>Doamnelor \u0219i Domnilor,<\/em><\/p>\n<p align=\"LEFT\">N\u0103dejdile ce le exprimam la&nbsp;sf\u00e2r\u0219itul&nbsp;darei de seam\u0103 de anul trecut&nbsp;\u00een&nbsp;ceea ce privea auspiciile fericite pentru anul 1931 nu s-au realizat.<\/p>\n<p align=\"LEFT\">&nbsp;<\/p>\n<p align=\"LEFT\"><a title=\"_MG_6052\" href=\"https:\/\/aviatie-mircea-cantacuzino.ro\/wp-content\/uploads\/2015\/02\/MG_6052.jpg\" rel=\"prettyPhoto-img\"><img loading=\"lazy\" decoding=\"async\" class=\"alignleft\" title=\"_MG_6052\" src=\"https:\/\/aviatie-mircea-cantacuzino.ro\/wp-content\/uploads\/2015\/02\/MG_6052.jpg\" alt=\"\" width=\"200\" height=\"300\"><\/a>Vorbeam mai&nbsp;\u00eent\u00e2i&nbsp;de Deciziunea Ministerial\u0103 prin care ni se acorda 20.000 lei pentru fiecare pilot brevetat la \u0219coal\u0103&nbsp;noastr\u0103&nbsp;\u0219i&nbsp;40% din&nbsp;pre\u021bul&nbsp;avioanelor&nbsp;cump\u0103rate.&nbsp; \u00cen vederea aceasta a&nbsp;\u0219i&nbsp;fost&nbsp;\u00eenscris\u0103&nbsp;nominal \u0219coala&nbsp;noastr\u0103 cu 225.000 lei \u00een budgetul Ministerului de Industrie,&nbsp;Direc\u021bia&nbsp;Avia\u021biei&nbsp;Civile; dar suma nu ni s&#8217;a dat, din motive ce ne sunt necunoscute, dar de sigur, nu din lips\u0103 de&nbsp;st\u0103ruin\u021b\u0103&nbsp;din partea&nbsp;noastr\u0103.<\/p>\n<p align=\"LEFT\">Apoi&nbsp;recunoa\u0219terea&nbsp;\u0219colii&nbsp;noastre ca <span style=\"font-family: Arial,sans-serif;\">\u015e<\/span>coal\u0103&nbsp;Oficial\u0103 a <em>Aero-Clubului Regal al&nbsp;<\/em><i>Rom\u00e2niei<\/i>, ne deschidea n\u0103dejdi de sprijin \u0219i ocrotire din partea primului organ sportiv aerian din Rom\u00e2nia. Dar <em>Aero-Clubul<\/em>&nbsp;av\u00e2nd&nbsp;el \u00eensu\u0219i nevoile sale imperioase, nu a mai putut veni&nbsp;\u00een&nbsp;ajutorul nostru.<\/p>\n<p align=\"LEFT\">Din cauza concordatului B\u0103ncei Blank, ni s&#8217;a blocat suma de 167.410 lei ce reprezenta restul fondului de rulment, depus la acea banc\u0103, a\u0219a c\u0103 \u00een toamn\u0103,&nbsp;\u0219coala&nbsp;r\u0103m\u0103sese&nbsp;f\u0103r\u0103&nbsp;fonduri.<\/p>\n<p align=\"LEFT\">&nbsp;<\/p>\n<p align=\"LEFT\"><a title=\"_MG_6053\" href=\"https:\/\/aviatie-mircea-cantacuzino.ro\/wp-content\/uploads\/2015\/02\/MG_6053.jpg\" rel=\"prettyPhoto-img\"><img loading=\"lazy\" decoding=\"async\" class=\"alignleft size-medium wp-image-727\" title=\"_MG_6053\" src=\"https:\/\/aviatie-mircea-cantacuzino.ro\/wp-content\/uploads\/2015\/02\/MG_6053.jpg\" alt=\"\" width=\"200\" height=\"300\"><\/a>Astfel anul ce s&#8217;a scurs a fost pentru mica noastr\u0103 grupare un an greu, prin&nbsp;dificult\u0103\u021bile&nbsp;c\u0103ruia&nbsp;am trecut&nbsp;totu\u0219i&nbsp; numai gra\u021bie inimosului sprijin moral, ce ni l-a dat&nbsp;neprecupe\u021bit&nbsp;Pre\u0219edintele&nbsp;nostru Domnul General C. L\u0103z\u0103rescu, pe care \u00eel rug\u0103m s\u0103 primesc\u0103 aci expresiunea gratitudinei noastre.<\/p>\n<p align=\"LEFT\">Activitatea \u0219coalei \u00een cursul anului trecut se rezuma astfel: am avut 22 elevi noi&nbsp;\u00eenscri\u0219i, \u0219i anume:<\/p>\n<p align=\"LEFT\">&nbsp;<\/p>\n<p align=\"LEFT\">&nbsp;<\/p>\n<p align=\"LEFT\">I. G\u00e2rle\u0219teanu &nbsp; &nbsp; &nbsp; &nbsp; &nbsp; &nbsp; &nbsp; &nbsp; &nbsp; &nbsp; &nbsp; &nbsp; &nbsp; &nbsp; &nbsp; &nbsp; &nbsp; &nbsp; &nbsp;&nbsp;&nbsp; Popovici<\/p>\n<p align=\"LEFT\">M. Golescu &nbsp; &nbsp; &nbsp; &nbsp; &nbsp; &nbsp; &nbsp; &nbsp; &nbsp; &nbsp; &nbsp; &nbsp; &nbsp; &nbsp; &nbsp; &nbsp; &nbsp; &nbsp; &nbsp; &nbsp; &nbsp; &nbsp;&nbsp;&nbsp; Iliescu<\/p>\n<p align=\"LEFT\">N. Tresnea-Greceanu &nbsp; &nbsp; &nbsp; &nbsp; &nbsp; &nbsp; &nbsp; &nbsp; &nbsp; &nbsp; &nbsp; &nbsp; &nbsp; I. Mantu<\/p>\n<p align=\"LEFT\">Natalia Bossel &nbsp; &nbsp; &nbsp; &nbsp; &nbsp; &nbsp; &nbsp; &nbsp; &nbsp; &nbsp; &nbsp; &nbsp; &nbsp; &nbsp; &nbsp; &nbsp; &nbsp; &nbsp; &nbsp; &nbsp; M. Butculescu<\/p>\n<p align=\"LEFT\">Predescu &nbsp; &nbsp; &nbsp; &nbsp; &nbsp; &nbsp; &nbsp; &nbsp; &nbsp; &nbsp; &nbsp; &nbsp; &nbsp; &nbsp; &nbsp; &nbsp; &nbsp; &nbsp; &nbsp; &nbsp; &nbsp; &nbsp; &nbsp; &nbsp;&nbsp; Dan Balaci<\/p>\n<p align=\"LEFT\">B\u0103lescu&nbsp; &nbsp; &nbsp; &nbsp; &nbsp; &nbsp; &nbsp; &nbsp; &nbsp; &nbsp; &nbsp; &nbsp; &nbsp; &nbsp; &nbsp; &nbsp; &nbsp; &nbsp; &nbsp; &nbsp; &nbsp; &nbsp; &nbsp; &nbsp; &nbsp; &nbsp; Maria Romanescu<\/p>\n<p align=\"LEFT\">Manicatidi&nbsp; &nbsp; &nbsp; &nbsp; &nbsp; &nbsp; &nbsp; &nbsp; &nbsp; &nbsp; &nbsp; &nbsp; &nbsp; &nbsp; &nbsp; &nbsp; &nbsp; &nbsp; &nbsp; &nbsp; &nbsp; &nbsp; &nbsp; &nbsp;N. T\u0103n\u0103sescu<\/p>\n<p align=\"LEFT\">S\u00e2rbulescu&nbsp; &nbsp; &nbsp; &nbsp; &nbsp; &nbsp; &nbsp; &nbsp; &nbsp; &nbsp; &nbsp; &nbsp; &nbsp; &nbsp; &nbsp; &nbsp; &nbsp; &nbsp; &nbsp; &nbsp; &nbsp; &nbsp; &nbsp; I. Nicolaescu<\/p>\n<p align=\"LEFT\">A. Frimu&nbsp; &nbsp; &nbsp; &nbsp; &nbsp; &nbsp; &nbsp; &nbsp; &nbsp; &nbsp; &nbsp; &nbsp; &nbsp; &nbsp; &nbsp; &nbsp; &nbsp; &nbsp; &nbsp; &nbsp; &nbsp; &nbsp; &nbsp; &nbsp; &nbsp; Vladimir Boico<\/p>\n<p align=\"LEFT\">N. Negulescu&nbsp; &nbsp; &nbsp; &nbsp; &nbsp; &nbsp; &nbsp; &nbsp; &nbsp; &nbsp; &nbsp; &nbsp; &nbsp; &nbsp; &nbsp; &nbsp; &nbsp; &nbsp; &nbsp; &nbsp; D. Coman<\/p>\n<p align=\"LEFT\">N. Tetorian&nbsp; &nbsp; &nbsp; &nbsp; &nbsp; &nbsp; &nbsp; &nbsp; &nbsp; &nbsp; &nbsp; &nbsp; &nbsp; &nbsp; &nbsp; &nbsp; &nbsp; &nbsp; &nbsp; &nbsp; &nbsp; &nbsp;V. R\u0103dulescu<\/p>\n<p align=\"LEFT\">&nbsp;<\/p>\n<p><a title=\"_MG_6054\" href=\"https:\/\/aviatie-mircea-cantacuzino.ro\/wp-content\/uploads\/2015\/02\/MG_6054.jpg\" rel=\"prettyPhoto-img\"><img loading=\"lazy\" decoding=\"async\" class=\"alignleft size-medium wp-image-728\" title=\"_MG_6054\" src=\"https:\/\/aviatie-mircea-cantacuzino.ro\/wp-content\/uploads\/2015\/02\/MG_6054.jpg\" alt=\"\" width=\"200\" height=\"300\"><\/a>din&nbsp;ace\u0219tia&nbsp;10 sunt elevi ai \u0218coalei Politechnice&nbsp;c\u0103rora&nbsp;le-am acordat burse pentru a veni \u00een ajutorul&nbsp;asocia\u021biei&nbsp;lor sportive, care dorea s\u0103 formeze o grupare aviatic\u0103.<\/p>\n<p align=\"LEFT\">Din elevii&nbsp;\u00eenscri\u0219i&nbsp; 6 s&#8217;au retras dup\u0103 un&nbsp;num\u0103r&nbsp;mic de sboruri, iar 10 au fost&nbsp;radia\u021bi pentru lipsa de aptitudini&nbsp;dup\u0103&nbsp;120 de duble comenzi,&nbsp;trec\u00e2ndu-\u0219i brevetul&nbsp;urm\u0103torii&nbsp;\u0219ase: Natalia Bossel, Mihail Golescu, A. Frimu, N. Negulescu, Tresnea-Greceanu \u0219i Predescu, trei fiind Politechnicieni.<\/p>\n<p align=\"LEFT\">S&#8217;au efectuat pe avionul \u0219coalei \u0219i pe avionul pus la&nbsp;dispozi\u021bie&nbsp;de D-na Ioana Cantacuzino, circa 3.000 de sboruri \u00een 408 ore,&nbsp;realiz\u00e2ndu-se \u00een mici raiduri 3.100 Km.<\/p>\n<p align=\"LEFT\">Din lipsa de material&nbsp;asocia\u021bia&nbsp;nu a putut participa \u00een anul acesta la manifesta\u021biuni \u0219i competi\u021biuni sportive aeriene, singur membrul nostru D-l Inginer Ioan Cocia\u0219u proprietarul unei avionete a luat parte la Rallye-ul aerian din 8 Iunie 1931&nbsp;f\u0103c\u00e2nd&nbsp;\u00een deosebi un foarte frumos sbor de noapte decol\u00e2nd de la Pipera noaptea la ora 12 trebuind \u00eens\u0103 s\u0103 abandoneze cursa dup\u0103 \u0219apte ore de sbor din cauza condi\u021biunilor atmosferice foarte nefavorabile.<\/p>\n<p>&nbsp;<\/p>\n<p><a title=\"_MG_6055\" href=\"https:\/\/aviatie-mircea-cantacuzino.ro\/wp-content\/uploads\/2015\/02\/MG_6055.jpg\" rel=\"prettyPhoto-img\"><img loading=\"lazy\" decoding=\"async\" class=\"alignleft\" title=\"_MG_6055\" src=\"https:\/\/aviatie-mircea-cantacuzino.ro\/wp-content\/uploads\/2015\/02\/MG_6055.jpg\" alt=\"\" width=\"200\" height=\"300\"><\/a>\u00cen Decembrie,&nbsp;c\u00e2nd&nbsp;ori-ce activitate aviatic\u0103 era oprit\u0103 din cauza marilor z\u0103pezi, Ionel Cocia\u0219u, mont\u00e2nd pe avioneta sa skiurile puse la dispozi\u021bie de \u0219coala noastr\u0103 a executat reu\u0219ite sboruri \u00een tov\u0103r\u0103\u0219ia D-lui C. Sidery.<\/p>\n<p align=\"LEFT\">Dac\u0103 asocia\u021bia noastr\u0103 a avut activitatea mai redus\u0103 se datore\u0219te faptului c\u0103 budgetul, fiind desechilibrat prin neplata subven\u021biunei de la Stat, nu ne-a permis cump\u0103rarea unui noi avion, cum era prev\u0103zut. Totu\u0219i rezultatele practice sunt satisfac\u0103toare \u00een compara\u021bie cu alte \u0219coli cu avioane \u0219i budgete de milioane.<\/p>\n<p>&nbsp;<\/p>\n<p><a title=\"_MG_6056\" href=\"https:\/\/aviatie-mircea-cantacuzino.ro\/wp-content\/uploads\/2015\/02\/MG_6056.jpg\" rel=\"prettyPhoto-img\"><img loading=\"lazy\" decoding=\"async\" class=\"alignleft size-medium wp-image-730\" title=\"_MG_6056\" src=\"https:\/\/aviatie-mircea-cantacuzino.ro\/wp-content\/uploads\/2015\/02\/MG_6056.jpg\" alt=\"\" width=\"200\" height=\"300\"><\/a><\/p>\n<p align=\"LEFT\">Pronosticuri pentru anul 1932 nu am dori s\u0103 mai facem, va f\u0103g\u0103duim \u00eens\u0103 Doamnelor \u0219i Domnilor, c\u0103 vom depune toat\u0103 st\u0103ruin\u021ba \u0219i munca noastr\u0103 \u0219i sper\u0103m, cu ajutorul lui Dumnezeu s\u0103 invingem toate piedicele pentru a realiza idealul pentru care s&#8217;a jertfit <em>Mircea Cantacuzino.<\/em><\/p>\n<p>&nbsp;<\/p>\n<p>&nbsp;<\/p>\n<p>&nbsp;<\/p>\n<p>&nbsp;<\/p>\n<p><a title=\"_MG_6057\" href=\"https:\/\/aviatie-mircea-cantacuzino.ro\/wp-content\/uploads\/2015\/02\/MG_6057.jpg\" rel=\"prettyPhoto-img\"><img loading=\"lazy\" decoding=\"async\" class=\"alignleft\" title=\"_MG_6057\" src=\"https:\/\/aviatie-mircea-cantacuzino.ro\/wp-content\/uploads\/2015\/02\/MG_6057.jpg\" alt=\"\" width=\"200\" height=\"300\"><\/a><strong style=\"font-size: medium;\">Raportul Cenzorilor<\/strong><\/p>\n<p align=\"LEFT\">Domnilor Membri,<\/p>\n<p align=\"LEFT\">Avem onoarea a aduce la&nbsp;cuno\u0219tin\u021ba&nbsp;Domniilor Voastre c\u0103 am verificat&nbsp;\u0219i&nbsp;aflat \u00een ordine registrele&nbsp;\u0219i&nbsp;\u00eentreaga&nbsp;gestiune&nbsp;b\u0103neasc\u0103&nbsp;a&nbsp;asocia\u021biei&nbsp;pentru&nbsp;prop\u0103\u0219irea&nbsp;turismului aerian &lt;&lt; Mircea Cantacunzino&gt;&gt; pe anul 1931.<\/p>\n<p align=\"LEFT\">Am verificat de asemenea conturile de venituri&nbsp;\u0219i&nbsp;cheltuieli&nbsp;\u0219i&nbsp;bilan\u021b pe 1931, cum&nbsp;\u0219i&nbsp;bugetul&nbsp;de&nbsp;cheltuieli&nbsp;pe anul 1932, pe care l-am aflat de asemenea \u00een regul\u0103.<\/p>\n<p align=\"LEFT\">11 Aprilie 1932<\/p>\n<p align=\"LEFT\">Cenzori:<\/p>\n<p align=\"LEFT\">(ss) Gh. Cantacuzino<\/p>\n<p align=\"LEFT\">(ss) G. Bal\u0219<\/p>\n<p align=\"LEFT\">(ss) D. N\u0103cescu<\/p>\n<p align=\"LEFT\"><img loading=\"lazy\" decoding=\"async\" class=\"alignleft size-medium wp-image-684\" title=\"IMG_6058\" src=\"https:\/\/aviatie-mircea-cantacuzino.ro\/wp-content\/uploads\/2015\/02\/MG_6058.jpg\" alt=\"\" width=\"199\" height=\"300\"><a title=\"IMG_6059\" href=\"https:\/\/aviatie-mircea-cantacuzino.ro\/wp-content\/uploads\/2015\/02\/MG_6059.jpg\" rel=\"prettyPhoto-img\"><img loading=\"lazy\" decoding=\"async\" class=\"alignleft size-medium wp-image-685\" title=\"IMG_6059\" src=\"https:\/\/aviatie-mircea-cantacuzino.ro\/wp-content\/uploads\/2015\/02\/MG_6059.jpg\" alt=\"\" width=\"199\" height=\"300\"><\/a><\/p>\n<p align=\"LEFT\">&nbsp;<\/p>","protected":false},"excerpt":{"rendered":"<p>&nbsp; Asociatia Pentru Prop\u0103\u015firea Turismului Aerian &#8222;MIRCEA CANTACUZINO&#8221; Dare de Seam\u0103 1932 &nbsp; &nbsp; &nbsp; Domnule Pre\u0219edinte, Doamnelor \u0219i Domnilor, \u00cenainte de a v\u0103 da seama de activitatea Asocia\u021biei noastre pe anul 1931, s\u0103 exprim\u0103m&nbsp;Majest\u0103\u021bii&nbsp;Sale Regelui&nbsp;toat\u0103&nbsp;credin\u021ba&nbsp;nestr\u0103mutat\u0103&nbsp;ce-I purt\u0103m din tot sufletul s\u0103-I ur\u0103m mul\u021bi ani de Domnie glorioas\u0103. Alte\u021bei Sale Regale Principelui Nicolae,&nbsp;Pre\u0219edintele&nbsp;nostru de Onoare, \u00eei [&hellip;]<\/p>","protected":false},"author":2,"featured_media":0,"parent":7478,"menu_order":2,"comment_status":"closed","ping_status":"closed","template":"","meta":{"footnotes":""},"class_list":["post-5797","page","type-page","status-publish","hentry"],"_links":{"self":[{"href":"https:\/\/aviatie-mircea-cantacuzino.ro\/en\/wp-json\/wp\/v2\/pages\/5797","targetHints":{"allow":["GET"]}}],"collection":[{"href":"https:\/\/aviatie-mircea-cantacuzino.ro\/en\/wp-json\/wp\/v2\/pages"}],"about":[{"href":"https:\/\/aviatie-mircea-cantacuzino.ro\/en\/wp-json\/wp\/v2\/types\/page"}],"author":[{"embeddable":true,"href":"https:\/\/aviatie-mircea-cantacuzino.ro\/en\/wp-json\/wp\/v2\/users\/2"}],"replies":[{"embeddable":true,"href":"https:\/\/aviatie-mircea-cantacuzino.ro\/en\/wp-json\/wp\/v2\/comments?post=5797"}],"version-history":[{"count":0,"href":"https:\/\/aviatie-mircea-cantacuzino.ro\/en\/wp-json\/wp\/v2\/pages\/5797\/revisions"}],"up":[{"embeddable":true,"href":"https:\/\/aviatie-mircea-cantacuzino.ro\/en\/wp-json\/wp\/v2\/pages\/7478"}],"wp:attachment":[{"href":"https:\/\/aviatie-mircea-cantacuzino.ro\/en\/wp-json\/wp\/v2\/media?parent=5797"}],"curies":[{"name":"wp","href":"https:\/\/api.w.org\/{rel}","templated":true}]}}